{"id":57,"date":"2012-11-29T00:02:43","date_gmt":"2012-11-28T22:02:43","guid":{"rendered":"https:\/\/pkfeyerabend.org\/?page_id=57"},"modified":"2020-07-06T09:45:43","modified_gmt":"2020-07-06T07:45:43","slug":"prix-paul-k-feyerabend","status":"publish","type":"page","link":"https:\/\/www.pkfeyerabend.org\/fr\/prix-paul-k-feyerabend\/","title":{"rendered":"Le Prix"},"content":{"rendered":"<p>La Fondation met en lumi\u00e8re et honore le travail exceptionnel qui promeut la solidarit\u00e9 au sein des communaut\u00e9s ou entre elles en attribuant une fois par an le \u00ab\u00a0Prix Paul K. Feyerabend &#8211; <em>Un monde solidaire est possible.<\/em>\u00a0\u00bb Le prix reconna\u00eet et encourage les r\u00e9alisations remarquables qui repr\u00e9sentent une v\u00e9ritable source d&rsquo;inspiration.<\/p>\n<p>Le prix est d\u00e9cern\u00e9 \u00e0 des personnes, des communaut\u00e9s ou des organisations exemplaires qui ont apport\u00e9 un changement crucial et durable en faveur de la solidarit\u00e9 communautaire dans des circonstances difficiles. Chaque prix comprend une plaque\/ certificat et une petite enveloppe financi\u00e8re.<\/p>\n<p>Au-del\u00e0 de la reconnaissance concr\u00e8te du travail accompli, l&rsquo;objectif du prix Paul K. Feyerabend est de diffuser des informations sur la faisabilit\u00e9 et les r\u00e9sultats positifs du travail ax\u00e9 sur la solidarit\u00e9. C&rsquo;est pourquoi le prix est g\u00e9n\u00e9ralement remis par le ou les Nominateurs concern\u00e9s lors d&rsquo;une c\u00e9r\u00e9monie publique.<\/p>\n<p><a href=\"https:\/\/pkfeyerabend.org\/wp-content\/uploads\/2012\/11\/Sculpture-de-E.-Krahenbul.jpg\"><img decoding=\"async\" loading=\"lazy\" class=\"aligncenter size-medium wp-image-27\" alt=\"Sculpture de E. Krahenbul\" src=\"https:\/\/pkfeyerabend.org\/wp-content\/uploads\/2012\/11\/Sculpture-de-E.-Krahenbul-300x270.jpg\" width=\"300\" height=\"270\" srcset=\"https:\/\/www.pkfeyerabend.org\/wp-content\/uploads\/2012\/11\/Sculpture-de-E.-Krahenbul-300x270.jpg 300w, https:\/\/www.pkfeyerabend.org\/wp-content\/uploads\/2012\/11\/Sculpture-de-E.-Krahenbul.jpg 531w\" sizes=\"(max-width: 300px) 100vw, 300px\" \/><\/a><\/p>\n<p><a href=\"https:\/\/pkfeyerabend.org\/wp-content\/uploads\/2013\/06\/DSC00189.jpg\"><img decoding=\"async\" loading=\"lazy\" src=\"https:\/\/pkfeyerabend.org\/wp-content\/uploads\/2013\/06\/DSC00189-300x225.jpg\" alt=\"Sculpture de Etienne Kr\u00e4henb\u00fchl\" width=\"300\" height=\"225\" class=\"aligncenter size-medium wp-image-414\" srcset=\"https:\/\/www.pkfeyerabend.org\/wp-content\/uploads\/2013\/06\/DSC00189-300x225.jpg 300w, https:\/\/www.pkfeyerabend.org\/wp-content\/uploads\/2013\/06\/DSC00189-1024x768.jpg 1024w, https:\/\/www.pkfeyerabend.org\/wp-content\/uploads\/2013\/06\/DSC00189.jpg 1632w\" sizes=\"(max-width: 300px) 100vw, 300px\" \/><\/a><\/p>\n<p>\u0152uvre r\u00e9alis\u00e9e sp\u00e9cialement pour le prix par <a title=\"Site web d'Etienne Kr\u00e4henb\u00fchl\" href=\"https:\/\/www.ekl.ch\" target=\"_blank\" rel=\"noopener noreferrer\">l&rsquo;artiste suisse Etienne Kr\u00e4henb\u00fchl<\/a> .<\/p>","protected":false},"excerpt":{"rendered":"<p>La Fondation met en lumi\u00e8re et honore le travail exceptionnel qui promeut la solidarit\u00e9 au sein des communaut\u00e9s ou entre elles en attribuant une fois par an le \u00ab\u00a0Prix Paul K. Feyerabend &#8211; Un monde solidaire est possible.\u00a0\u00bb Le prix&#8230;<\/p>\n","protected":false},"author":1,"featured_media":0,"parent":0,"menu_order":2,"comment_status":"open","ping_status":"open","template":"page-template-laureats.php","meta":[],"_links":{"self":[{"href":"https:\/\/www.pkfeyerabend.org\/fr\/wp-json\/wp\/v2\/pages\/57"}],"collection":[{"href":"https:\/\/www.pkfeyerabend.org\/fr\/wp-json\/wp\/v2\/pages"}],"about":[{"href":"https:\/\/www.pkfeyerabend.org\/fr\/wp-json\/wp\/v2\/types\/page"}],"author":[{"embeddable":true,"href":"https:\/\/www.pkfeyerabend.org\/fr\/wp-json\/wp\/v2\/users\/1"}],"replies":[{"embeddable":true,"href":"https:\/\/www.pkfeyerabend.org\/fr\/wp-json\/wp\/v2\/comments?post=57"}],"version-history":[{"count":20,"href":"https:\/\/www.pkfeyerabend.org\/fr\/wp-json\/wp\/v2\/pages\/57\/revisions"}],"predecessor-version":[{"id":1770,"href":"https:\/\/www.pkfeyerabend.org\/fr\/wp-json\/wp\/v2\/pages\/57\/revisions\/1770"}],"wp:attachment":[{"href":"https:\/\/www.pkfeyerabend.org\/fr\/wp-json\/wp\/v2\/media?parent=57"}],"curies":[{"name":"wp","href":"https:\/\/api.w.org\/{rel}","templated":true}]}}